{"id":35558,"date":"2016-05-20T11:32:56","date_gmt":"2016-05-20T14:32:56","guid":{"rendered":"http:\/\/www.marciaweinzettl.com.br\/?page_id=35558"},"modified":"2019-10-22T09:35:50","modified_gmt":"2019-10-22T12:35:50","slug":"publicacoes","status":"publish","type":"page","link":"https:\/\/www.marciaweinzettl.com.br\/en\/publicacoes\/","title":{"rendered":"Publications"},"content":{"rendered":"<p>[vc_row][vc_column css=&#8221;.vc_custom_1468181528150{background-color: #387f3e !important;}&#8221;][vc_row_inner][vc_column_inner width=&#8221;1\/4&#8243;][vc_single_image image=&#8221;36886&#8243; img_size=&#8221;150&#215;209&#8243; alignment=&#8221;center&#8221;][\/vc_column_inner][vc_column_inner width=&#8221;3\/4&#8243;][vc_column_text]<span style=\"color: #ffffff;\"><strong>Personen \u2013 Personelle Ver\u00e4nderungen<\/strong><\/span><\/p>\n<p><span style=\"color: #ffffff;\"><b>Subject: <\/b>Personal change in Loro Parque Fundaci\u00f3n<\/span><br \/>\n<span style=\"color: #ffffff;\"><b>Publication place: <\/b>Magazine Gefiederte Welt, Germany<\/span><br \/>\n<span style=\"color: #ffffff;\"><b>Language:<\/b> German<\/span><br \/>\n<span style=\"color: #ffffff;\"><b>Date:<\/b> 01\/2017<\/span>[\/vc_column_text]<style type=\"text\/css\">#dt-btn-29:hover {color: #070707;background: #a3ffa9;}#dt-btn-29:hover > .text-wrap * {color: #070707;}<\/style><a href=\"http:\/\/www.marciaweinzettl.com.br\/wp-content\/uploads\/2017\/02\/Gefiederte-criadouro-marcia-weinzettl.pdf\" class=\"btn-shortcode dt-btn-m dt-btn default-btn-color custom-btn-hover-color default-btn-bg-color\" target=\"_blank\" id=\"dt-btn-29\" rel=\"noopener\"><i class=\"fa icon-download\"><\/i><span>View publications<\/span><\/a>[\/vc_column_inner][\/vc_row_inner][\/vc_column][\/vc_row][vc_row][vc_column][vc_empty_space height=&#8221;10&#8243;][\/vc_column][\/vc_row][vc_row][vc_column css=&#8221;.vc_custom_1468181528150{background-color: #387f3e !important;}&#8221;][vc_row_inner][vc_column_inner width=&#8221;1\/4&#8243;][vc_single_image image=&#8221;36877&#8243; img_size=&#8221;150&#215;209&#8243; alignment=&#8221;center&#8221;][\/vc_column_inner][vc_column_inner width=&#8221;3\/4&#8243;][vc_column_text]<span style=\"color: #ffffff;\"><strong>Bi\u00f3loga brasileira ser\u00e1 curadora de um dos maiores criadouros e parques do mundo<\/strong><\/span><\/p>\n<p><span style=\"color: #ffffff;\"><b>Subject: <\/b>Brazilian biologist as curator in Loro Parque Fundation<\/span><br \/>\n<span style=\"color: #ffffff;\"><b>Publication place: <\/b>Magazine Passarinheiros e Cia. N\u00ba91, Brazil<\/span><br \/>\n<span style=\"color: #ffffff;\"><b>Language:<\/b> Portuguese<\/span><br \/>\n<span style=\"color: #ffffff;\"><b>Date:<\/b> 2016<\/span>[\/vc_column_text]<style type=\"text\/css\">#dt-btn-30:hover {color: #070707;background: #a3ffa9;}#dt-btn-30:hover > .text-wrap * {color: #070707;}<\/style><a href=\"http:\/\/www.marciaweinzettl.com.br\/wp-content\/uploads\/2017\/02\/Passarinheiros-2-criadouro-fev17.pdf\" class=\"btn-shortcode dt-btn-m dt-btn default-btn-color custom-btn-hover-color default-btn-bg-color\" target=\"_blank\" id=\"dt-btn-30\" rel=\"noopener\"><i class=\"fa icon-download\"><\/i><span>View publications<\/span><\/a>[\/vc_column_inner][\/vc_row_inner][\/vc_column][\/vc_row][vc_row][vc_column][vc_empty_space height=&#8221;10&#8243;][\/vc_column][\/vc_row][vc_row][vc_column css=&#8221;.vc_custom_1468181528150{background-color: #387f3e !important;}&#8221;][vc_row_inner][vc_column_inner width=&#8221;1\/4&#8243;][vc_single_image image=&#8221;36868&#8243; img_size=&#8221;150&#215;209&#8243; alignment=&#8221;center&#8221;][\/vc_column_inner][vc_column_inner width=&#8221;3\/4&#8243;][vc_column_text]<span style=\"color: #ffffff;\"><strong>Daten zur Zucht von Dunkelstirnigen F\u00e4cherpapageien <\/strong><strong>in Brasilien<\/strong><\/span><\/p>\n<p><span style=\"color: #ffffff;\"><b>Subject:<\/b> Data for the breeding of Deroptyus accipitrinus in Brazil<\/span><br \/>\n<span style=\"color: #ffffff;\"> <b>Publication place:<\/b> Papageien Magazine &#8211; Germany<\/span><br \/>\n<span style=\"color: #ffffff;\"> <b>Language:<\/b> German<\/span><br \/>\n<span style=\"color: #ffffff;\"> <b>Date:<\/b> 12\/2016<\/span>[\/vc_column_text]<style type=\"text\/css\">#dt-btn-31:hover {color: #070707;background: #a3ffa9;}#dt-btn-31:hover > .text-wrap * {color: #070707;}<\/style><a href=\"http:\/\/www.marciaweinzettl.com.br\/wp-content\/uploads\/2017\/02\/AnacaPapageien1-6-all.pdf\" class=\"btn-shortcode dt-btn-m dt-btn default-btn-color custom-btn-hover-color default-btn-bg-color\" target=\"_blank\" id=\"dt-btn-31\" rel=\"noopener\"><i class=\"fa icon-download\"><\/i><span>View publications<\/span><\/a>[\/vc_column_inner][\/vc_row_inner][\/vc_column][\/vc_row][vc_row][vc_column][vc_empty_space height=&#8221;10&#8243;][\/vc_column][\/vc_row][vc_row][vc_column css=&#8221;.vc_custom_1468181528150{background-color: #387f3e !important;}&#8221;][vc_row_inner][vc_column_inner width=&#8221;1\/4&#8243;][vc_single_image image=&#8221;36865&#8243; img_size=&#8221;150&#215;209&#8243; alignment=&#8221;center&#8221;][\/vc_column_inner][vc_column_inner width=&#8221;3\/4&#8243;][vc_column_text]<span style=\"color: #ffffff;\"><strong>Eine neue Kuratorin f\u00fcr die Loro Parque Fundaci\u00f3n<\/strong><\/span><\/p>\n<p><span style=\"color: #ffffff;\"><b>Subject:<\/b> New curator in Loro Parque Fundacion<\/span><br \/>\n<span style=\"color: #ffffff;\"> <b>Publication place:<\/b> Papageien Magazine &#8211; Germany<\/span><br \/>\n<span style=\"color: #ffffff;\"> <b>Language:<\/b> German<\/span><br \/>\n<span style=\"color: #ffffff;\"> <b>Date:<\/b> 11\/2016<\/span>[\/vc_column_text]<style type=\"text\/css\">#dt-btn-32:hover {color: #070707;background: #a3ffa9;}#dt-btn-32:hover > .text-wrap * {color: #070707;}<\/style><a href=\"http:\/\/www.marciaweinzettl.com.br\/wp-content\/uploads\/2017\/02\/PapageienCurator2.pdf\" class=\"btn-shortcode dt-btn-m dt-btn default-btn-color custom-btn-hover-color default-btn-bg-color\" target=\"_blank\" id=\"dt-btn-32\" rel=\"noopener\"><i class=\"fa icon-download\"><\/i><span>View publications<\/span><\/a>[\/vc_column_inner][\/vc_row_inner][\/vc_column][\/vc_row][vc_row][vc_column][vc_empty_space height=&#8221;10&#8243;][\/vc_column][\/vc_row][vc_row][vc_column css=&#8221;.vc_custom_1468181528150{background-color: #387f3e !important;}&#8221;][vc_row_inner][vc_column_inner width=&#8221;1\/4&#8243;][vc_single_image image=&#8221;36706&#8243; img_size=&#8221;150&#215;209&#8243; alignment=&#8221;center&#8221;][\/vc_column_inner][vc_column_inner width=&#8221;3\/4&#8243;][vc_column_text]<span style=\"color: #ffffff;\"><b>Erfahrungen mit der Handaufzucht von Gr\u00fcnfl\u00fcgelaras<\/b><\/span><\/p>\n<p><span style=\"color: #ffffff;\"><b>Subject:<\/b> Reproductive findings Green-winged Macaw in FreePower Aviary, Brazil<\/span><br \/>\n<span style=\"color: #ffffff;\"> <b>Publication place:<\/b> Papageien Magazine &#8211; Germany<\/span><br \/>\n<span style=\"color: #ffffff;\"> <b>Language:<\/b> German<\/span><br \/>\n<span style=\"color: #ffffff;\"> <b>Date:<\/b> 07\/07\/2016<\/span>[\/vc_column_text]<style type=\"text\/css\">#dt-btn-33:hover {color: #070707;background: #a3ffa9;}#dt-btn-33:hover > .text-wrap * {color: #070707;}<\/style><a href=\"http:\/\/www.marciaweinzettl.com.br\/wp-content\/uploads\/2016\/07\/Gr\u00fcnfl\u00fcgelara-EndfassungFINAL5226107.pdf\" class=\"btn-shortcode dt-btn-m dt-btn default-btn-color custom-btn-hover-color default-btn-bg-color\" target=\"_blank\" id=\"dt-btn-33\" rel=\"noopener\"><i class=\"fa icon-download\"><\/i><span>View publications<\/span><\/a>[\/vc_column_inner][\/vc_row_inner][\/vc_column][\/vc_row][vc_row][vc_column][vc_empty_space height=&#8221;10&#8243;][\/vc_column][\/vc_row][vc_row][vc_column css=&#8221;.vc_custom_1468181528150{background-color: #387f3e !important;}&#8221;][vc_row_inner][vc_column_inner width=&#8221;1\/4&#8243;][vc_single_image image=&#8221;36705&#8243; img_size=&#8221;150&#215;209&#8243; alignment=&#8221;center&#8221;][\/vc_column_inner][vc_column_inner width=&#8221;3\/4&#8243;][vc_column_text]<span style=\"color: #ffffff;\"><b>Green-winged Macaw &#8211; captive breeding success in Freepower aviary, Brazil<\/b><\/span><\/p>\n<p><span style=\"color: #ffffff;\"><b>Subject:<\/b> Ara chloroptera captive breeding in FreePower Aviary, Brazil<\/span><br \/>\n<span style=\"color: #ffffff;\"> <b>Publication place:<\/b> BirdKeeper Magazine &#8211; Austalia<\/span><br \/>\n<span style=\"color: #ffffff;\"> <b>Language:<\/b> English<\/span><br \/>\n<span style=\"color: #ffffff;\"> <b>Date:<\/b> 01\/07\/2016<\/span>[\/vc_column_text]<style type=\"text\/css\">#dt-btn-34:hover {color: #070707;background: #a3ffa9;}#dt-btn-34:hover > .text-wrap * {color: #070707;}<\/style><a href=\"http:\/\/www.marciaweinzettl.com.br\/wp-content\/uploads\/2016\/07\/Green-Winged-Macaws-BirdKeeperChlo4916107.pdf\" class=\"btn-shortcode dt-btn-m dt-btn default-btn-color custom-btn-hover-color default-btn-bg-color\" target=\"_blank\" id=\"dt-btn-34\" rel=\"noopener\"><i class=\"fa icon-download\"><\/i><span>View publications<\/span><\/a>[\/vc_column_inner][\/vc_row_inner][\/vc_column][\/vc_row][vc_row][vc_column][vc_empty_space height=&#8221;10&#8243;][\/vc_column][\/vc_row][vc_row][vc_column css=&#8221;.vc_custom_1468181528150{background-color: #387f3e !important;}&#8221;][vc_row_inner][vc_column_inner width=&#8221;1\/4&#8243;][vc_single_image image=&#8221;36603&#8243; img_size=&#8221;150&#215;209&#8243; alignment=&#8221;center&#8221;][\/vc_column_inner][vc_column_inner width=&#8221;3\/4&#8243;][vc_column_text]<span style=\"color: #ffffff;\"><b>Manejo y datos reproductivos del loro gavil\u00e1n ex-situ en los centros de cr\u00eda Criadouros Comerciais Guaratiba, Free Power, Rostan y Papagaios Urbanos, Rio de Janeiro (Brasil)<\/b><\/span><\/p>\n<p><span style=\"color: #ffffff;\"><b>Subject:<\/b> Deroptyus accipitrinus<\/span><br \/>\n<span style=\"color: #ffffff;\"><b>Publication place:<\/b> Aviornis &#8211; Spain<\/span><br \/>\n<span style=\"color: #ffffff;\"><b>Language:<\/b> Spanish<\/span><br \/>\n<span style=\"color: #ffffff;\"><b>Date:<\/b> 01\/06\/2016<\/span>[\/vc_column_text]<style type=\"text\/css\">#dt-btn-35:hover {color: #070707;background: #a3ffa9;}#dt-btn-35:hover > .text-wrap * {color: #070707;}<\/style><a href=\"http:\/\/www.marciaweinzettl.com.br\/wp-content\/uploads\/2016\/06\/borrador-accipitrinusbFINAL51392223.pdf\" class=\"btn-shortcode dt-btn-m dt-btn default-btn-color custom-btn-hover-color default-btn-bg-color\" target=\"_blank\" id=\"dt-btn-35\" rel=\"noopener\"><i class=\"fa icon-download\"><\/i><span>View publications<\/span><\/a>[\/vc_column_inner][\/vc_row_inner][\/vc_column][\/vc_row][vc_row][vc_column][vc_empty_space height=&#8221;10&#8243;][\/vc_column][\/vc_row][vc_row][vc_column css=&#8221;.vc_custom_1468181536679{background-color: #387f3e !important;}&#8221;][vc_row_inner][vc_column_inner width=&#8221;1\/4&#8243;][vc_single_image image=&#8221;36210&#8243; img_size=&#8221;150&#215;209&#8243; alignment=&#8221;center&#8221;][\/vc_column_inner][vc_column_inner width=&#8221;3\/4&#8243;][vc_column_text]<span style=\"color: #ffffff;\"><b>Psitacideo &#8220;PET&#8221;. A escolha da esp\u00e9cie e qualidade do filhote<\/b><\/span><\/p>\n<p><span style=\"color: #ffffff;\"><b>Subject:<\/b> How to choose your pet<\/span><br \/>\n<span style=\"color: #ffffff;\"><b>Publication place:<\/b> P\u00e1ssaros Ex\u00f3ticos Magazine &#8211; Brazil<\/span><br \/>\n<span style=\"color: #ffffff;\"><b>Language:<\/b> Portuguese<\/span><br \/>\n<span style=\"color: #ffffff;\"><b>Date:<\/b> 01\/01\/2016<\/span>[\/vc_column_text]<style type=\"text\/css\">#dt-btn-36:hover {color: #050505;background: #a3ffa9;}#dt-btn-36:hover > .text-wrap * {color: #050505;}<\/style><a href=\"http:\/\/www.marciaweinzettl.com.br\/wp-content\/uploads\/2016\/06\/Psitacideo-PET-A-escolha-da-esp\u00e9cie-e-qualidade-do-filhote.pdf\" class=\"btn-shortcode dt-btn-m dt-btn default-btn-color custom-btn-hover-color default-btn-bg-color\" target=\"_blank\" id=\"dt-btn-36\" rel=\"noopener\"><i class=\"fa icon-download\"><\/i><span>View publications<\/span><\/a>[\/vc_column_inner][\/vc_row_inner][\/vc_column][\/vc_row][vc_row][vc_column][vc_empty_space height=&#8221;10&#8243;][\/vc_column][\/vc_row][vc_row][vc_column css=&#8221;.vc_custom_1468181545042{background-color: #387f3e !important;}&#8221;][vc_row_inner][vc_column_inner width=&#8221;1\/4&#8243;][vc_single_image image=&#8221;36594&#8243; img_size=&#8221;150&#215;209&#8243; alignment=&#8221;center&#8221;][\/vc_column_inner][vc_column_inner width=&#8221;3\/4&#8243;][vc_column_text]<span style=\"color: #ffffff;\"><b>JAK SI VYBRAT PAPOU\u0160KA SPOLE\u010cN\u00cdKA?<\/b><\/span><\/p>\n<p><span style=\"color: #ffffff;\"><b>Subject:<\/b> How to choose you pet specie<\/span><br \/>\n<span style=\"color: #ffffff;\"><b>Publication place:<\/b> Papousci Magazine &#8211; Tcheck<\/span><br \/>\n<span style=\"color: #ffffff;\"><b>Language:<\/b> Czech<\/span><br \/>\n<span style=\"color: #ffffff;\"><b>Date:<\/b> 01\/01\/2016<\/span>[\/vc_column_text]<style type=\"text\/css\">#dt-btn-37:hover {color: #0a0a0a;background: #a3ffa9;}#dt-btn-37:hover > .text-wrap * {color: #0a0a0a;}<\/style><a href=\"http:\/\/www.marciaweinzettl.com.br\/wp-content\/uploads\/2016\/06\/JAK-SI-VYBRAT-PAPOUSKA-SPOLECNIKA.pdf\" class=\"btn-shortcode dt-btn-m dt-btn default-btn-color custom-btn-hover-color default-btn-bg-color\" target=\"_blank\" id=\"dt-btn-37\" rel=\"noopener\"><i class=\"fa icon-download\"><\/i><span>View publications<\/span><\/a>[\/vc_column_inner][\/vc_row_inner][\/vc_column][\/vc_row][vc_row][vc_column][vc_empty_space height=&#8221;10&#8243;][\/vc_column][\/vc_row][vc_row][vc_column css=&#8221;.vc_custom_1468181552915{background-color: #387f3e !important;}&#8221;][vc_row_inner][vc_column_inner width=&#8221;1\/4&#8243;][vc_single_image image=&#8221;36215&#8243; img_size=&#8221;150&#215;209&#8243; alignment=&#8221;center&#8221;][\/vc_column_inner][vc_column_inner width=&#8221;3\/4&#8243;][vc_column_text]<span style=\"color: #ffffff;\"><b>Selecci\u00f3n adecuada de una mascota de psit\u00e1cido<\/b><\/span><\/p>\n<p><span style=\"color: #ffffff;\"><b>Subject:<\/b> How to choose you pet<\/span><br \/>\n<span style=\"color: #ffffff;\"><b>Publication place:<\/b> Aviornis Magazine &#8211; Spain<\/span><br \/>\n<span style=\"color: #ffffff;\"><b>Language:<\/b> Spanisch<\/span><br \/>\n<span style=\"color: #ffffff;\"><b>Date:<\/b> 01\/12\/2015<\/span>[\/vc_column_text]<style type=\"text\/css\">#dt-btn-38:hover {color: #020202;background: #a3ffa9;}#dt-btn-38:hover > .text-wrap * {color: #020202;}<\/style><a href=\"http:\/\/www.marciaweinzettl.com.br\/wp-content\/uploads\/2016\/06\/Seleccion-adecuada-de-una-mascota-de-psitacido.pdf\" class=\"btn-shortcode dt-btn-m dt-btn default-btn-color custom-btn-hover-color default-btn-bg-color\" target=\"_blank\" id=\"dt-btn-38\" rel=\"noopener\"><i class=\"fa icon-download\"><\/i><span>View publications<\/span><\/a>[\/vc_column_inner][\/vc_row_inner][\/vc_column][\/vc_row][vc_row][vc_column][vc_empty_space height=&#8221;10&#8243;][\/vc_column][\/vc_row][vc_row][vc_column css=&#8221;.vc_custom_1468181560451{background-color: #387f3e !important;}&#8221;][vc_row_inner][vc_column_inner width=&#8221;1\/4&#8243;][vc_single_image image=&#8221;36216&#8243; img_size=&#8221;150&#215;209&#8243; alignment=&#8221;center&#8221;][\/vc_column_inner][vc_column_inner width=&#8221;3\/4&#8243;][vc_column_text]<span style=\"color: #ffffff;\"><b>Manejo Y dados reproductivos de un grupo de flamingos (Phoenicopterus chilensis) en el centro de cria AMC &#8211; Rio de Janeiro, Brasil<\/b><\/span><\/p>\n<p><span style=\"color: #ffffff;\"><b>Subject:<\/b> Flamingos &#8211; Phoenicopterus chilensis<\/span><br \/>\n<span style=\"color: #ffffff;\"><b>Publication place:<\/b> Aviornis magazine &#8211; Spain<\/span><br \/>\n<span style=\"color: #ffffff;\"><b>Language:<\/b> Spain<\/span><br \/>\n<span style=\"color: #ffffff;\"><b>Date:<\/b> 10\/10\/2015<\/span>[\/vc_column_text]<style type=\"text\/css\">#dt-btn-39:hover {color: #020202;background: #a3ffa9;}#dt-btn-39:hover > .text-wrap * {color: #020202;}<\/style><a href=\"http:\/\/www.marciaweinzettl.com.br\/wp-content\/uploads\/2016\/06\/Manejo-Y-dados-reproductivos-de-un-grupo-de-flamingos.pdf\" class=\"btn-shortcode dt-btn-m dt-btn default-btn-color custom-btn-hover-color default-btn-bg-color\" target=\"_blank\" id=\"dt-btn-39\" rel=\"noopener\"><i class=\"fa icon-download\"><\/i><span>View publications<\/span><\/a>[\/vc_column_inner][\/vc_row_inner][\/vc_column][\/vc_row][vc_row][vc_column][vc_empty_space height=&#8221;10&#8243;][\/vc_column][\/vc_row][vc_row][vc_column css=&#8221;.vc_custom_1468181568211{background-color: #387f3e !important;}&#8221;][vc_row_inner][vc_column_inner width=&#8221;1\/4&#8243;][vc_single_image image=&#8221;36217&#8243; img_size=&#8221;150&#215;209&#8243; alignment=&#8221;center&#8221;][\/vc_column_inner][vc_column_inner width=&#8221;3\/4&#8243;][vc_column_text]<span style=\"color: #ffffff;\"><b>Psitac\u00eddeos brasileiros &#8211; Cria\u00e7\u00e3o artificial de ovos e filhotes<\/b><\/span><\/p>\n<p><span style=\"color: #ffffff;\"><b>Subject:<\/b> Parrots artificial breeding<\/span><br \/>\n<span style=\"color: #ffffff;\"><b>Publication place:<\/b> Magazine P\u00e1ssaros Ex\u00f3ticos 10 &#8211; Brazil<\/span><br \/>\n<span style=\"color: #ffffff;\"><b>Language:<\/b> Portuguese<\/span><br \/>\n<span style=\"color: #ffffff;\"><b>Date:<\/b> 01\/09\/2015<\/span>[\/vc_column_text]<style type=\"text\/css\">#dt-btn-40:hover {color: #0a0a0a;background: #a3ffa9;}#dt-btn-40:hover > .text-wrap * {color: #0a0a0a;}<\/style><a href=\"http:\/\/www.marciaweinzettl.com.br\/wp-content\/uploads\/2016\/06\/Psitacideos-brasileiros-Criacao-artificial-de-ovos-e-filhotes.pdf\" class=\"btn-shortcode dt-btn-m dt-btn default-btn-color custom-btn-hover-color default-btn-bg-color\" target=\"_blank\" id=\"dt-btn-40\" rel=\"noopener\"><i class=\"fa icon-download\"><\/i><span>View publications<\/span><\/a>[\/vc_column_inner][\/vc_row_inner][\/vc_column][\/vc_row][vc_row][vc_column][vc_empty_space height=&#8221;10&#8243;][\/vc_column][\/vc_row][vc_row][vc_column css=&#8221;.vc_custom_1468181576116{background-color: #387f3e !important;}&#8221;][vc_row_inner][vc_column_inner width=&#8221;1\/4&#8243;][vc_single_image image=&#8221;36219&#8243; img_size=&#8221;150&#215;209&#8243; alignment=&#8221;center&#8221;][\/vc_column_inner][vc_column_inner width=&#8221;3\/4&#8243;][vc_column_text]<span style=\"color: #ffffff;\"><strong>Cr\u00eda artificial de psit\u00e1cidos de Brasil<\/strong><\/span><\/p>\n<p><span style=\"color: #ffffff;\"><strong>Subject:<\/strong> Brazilian parrots&#8217;s artificial creation<\/span><br \/>\n<span style=\"color: #ffffff;\"><strong>Publication place:<\/strong> Magazine Aviornis 142 &#8211; Spain<\/span><br \/>\n<span style=\"color: #ffffff;\"><strong>Language:<\/strong> Spanish<\/span><br \/>\n<span style=\"color: #ffffff;\"><strong>Date:<\/strong> 20\/08\/2015<\/span>[\/vc_column_text]<style type=\"text\/css\">#dt-btn-41:hover {color: #020202;background: #a3ffa9;}#dt-btn-41:hover > .text-wrap * {color: #020202;}<\/style><a href=\"http:\/\/www.marciaweinzettl.com.br\/wp-content\/uploads\/2016\/06\/Cria-artificial-de-psitacidos-de-Brasil.pdf\" class=\"btn-shortcode dt-btn-m dt-btn default-btn-color custom-btn-hover-color default-btn-bg-color\" target=\"_blank\" id=\"dt-btn-41\" rel=\"noopener\"><i class=\"fa icon-download\"><\/i><span>View publications<\/span><\/a>[\/vc_column_inner][\/vc_row_inner][\/vc_column][\/vc_row][vc_row][vc_column][vc_empty_space height=&#8221;10&#8243;][\/vc_column][\/vc_row][vc_row][vc_column css=&#8221;.vc_custom_1468181584118{background-color: #387f3e !important;}&#8221;][vc_row_inner][vc_column_inner width=&#8221;1\/4&#8243;][vc_single_image image=&#8221;36223&#8243; img_size=&#8221;150&#215;209&#8243; alignment=&#8221;center&#8221;][\/vc_column_inner][vc_column_inner width=&#8221;3\/4&#8243;][vc_column_text]<span style=\"color: #ffffff;\"><strong>O chovu arating\u016f \u017elut\u00fdch<\/strong><\/span><\/p>\n<p><span style=\"color: #ffffff;\"><strong>Subject:<\/strong> Guarouba guarouba &#8211; Golden conure &#8211; Breeding and management<\/span><br \/>\n<span style=\"color: #ffffff;\"><strong>Publication place:<\/strong> Magazine Papousci &#8211; Czech Republic<\/span><br \/>\n<span style=\"color: #ffffff;\"><strong>Language:<\/strong> Czech<\/span><br \/>\n<span style=\"color: #ffffff;\"><strong>Date:<\/strong> 01\/07\/2015<\/span>[\/vc_column_text]<style type=\"text\/css\">#dt-btn-42:hover {color: #050505;background: #a3ffa9;}#dt-btn-42:hover > .text-wrap * {color: #050505;}<\/style><a href=\"http:\/\/www.marciaweinzettl.com.br\/wp-content\/uploads\/2016\/06\/O-chovu-aratingu-zlutych.pdf\" class=\"btn-shortcode dt-btn-m dt-btn default-btn-color custom-btn-hover-color default-btn-bg-color\" target=\"_blank\" id=\"dt-btn-42\" rel=\"noopener\"><i class=\"fa icon-download\"><\/i><span>View publications<\/span><\/a>[\/vc_column_inner][\/vc_row_inner][\/vc_column][\/vc_row][vc_row][vc_column][vc_empty_space height=&#8221;10&#8243;][\/vc_column][\/vc_row][vc_row][vc_column css=&#8221;.vc_custom_1468181591435{background-color: #387f3e !important;}&#8221;][vc_row_inner][vc_column_inner width=&#8221;1\/4&#8243;][vc_single_image image=&#8221;36224&#8243; img_size=&#8221;150&#215;209&#8243; alignment=&#8221;center&#8221;][\/vc_column_inner][vc_column_inner width=&#8221;3\/4&#8243;][vc_column_text]<span style=\"color: #ffffff;\"><strong>Interview with a Brazilian aviculturist and a parrot breeder M\u00e1rcia Weinzettl \u2013 PART II<\/strong><\/span><\/p>\n<p><span style=\"color: #ffffff;\"><b>Subject:<\/b> Hand-fedding methology and Golden conure&#8217;s successfully breeding<\/span><br \/>\n<span style=\"color: #ffffff;\"><b>Publication place:<\/b> www.parrotsdailynews.com<\/span><br \/>\n<span style=\"color: #ffffff;\"><b>Language:<\/b> English<\/span><br \/>\n<span style=\"color: #ffffff;\"><b>Date:<\/b> 09\/06\/2015<\/span>[\/vc_column_text]<style type=\"text\/css\">#dt-btn-43:hover {color: #070707;background: #a3ffa9;}#dt-btn-43:hover > .text-wrap * {color: #070707;}<\/style><a href=\"http:\/\/www.marciaweinzettl.com.br\/wp-content\/uploads\/2016\/06\/Interview-with-a-Brazilian-aviculturist-and-a-parrot-breeder-Marcia-Weinzettl-PII.pdf\" class=\"btn-shortcode dt-btn-m dt-btn default-btn-color custom-btn-hover-color default-btn-bg-color\" target=\"_blank\" id=\"dt-btn-43\" rel=\"noopener\"><i class=\"fa icon-download\"><\/i><span>View publications<\/span><\/a>[\/vc_column_inner][\/vc_row_inner][\/vc_column][\/vc_row][vc_row][vc_column][vc_empty_space height=&#8221;10&#8243;][\/vc_column][\/vc_row][vc_row][vc_column css=&#8221;.vc_custom_1468181600035{background-color: #387f3e !important;}&#8221;][vc_row_inner][vc_column_inner width=&#8221;1\/4&#8243;][vc_single_image image=&#8221;36225&#8243; img_size=&#8221;150&#215;209&#8243; alignment=&#8221;center&#8221;][\/vc_column_inner][vc_column_inner width=&#8221;3\/4&#8243;][vc_column_text]<span style=\"color: #ffffff;\"><b>Interview with a Brazilian aviculturist and a parrot breeder M\u00e1rcia Weinzettl &#8211; PART I<\/b><\/span><\/p>\n<p><span style=\"color: #ffffff;\"><b>Subject:<\/b> The biologist Marcia Weinzettl and her work in Brazil.<\/span><br \/>\n<span style=\"color: #ffffff;\"><b>Publication place:<\/b> www.parrotsdailynews.com<\/span><br \/>\n<span style=\"color: #ffffff;\"><b>Language:<\/b> English<\/span><br \/>\n<span style=\"color: #ffffff;\"><b>Date:<\/b> 08\/06\/2015<\/span>[\/vc_column_text]<style type=\"text\/css\">#dt-btn-44:hover {color: #070707;background: #a3ffa9;}#dt-btn-44:hover > .text-wrap * {color: #070707;}<\/style><a href=\"http:\/\/www.marciaweinzettl.com.br\/wp-content\/uploads\/2016\/06\/Interview-with-a-Brazilian-aviculturist-and-a-parrot-breeder-Marcia-Weinzettl-PI.pdf\" class=\"btn-shortcode dt-btn-m dt-btn default-btn-color custom-btn-hover-color default-btn-bg-color\" target=\"_blank\" id=\"dt-btn-44\" rel=\"noopener\"><i class=\"fa icon-download\"><\/i><span>View publications<\/span><\/a>[\/vc_column_inner][\/vc_row_inner][\/vc_column][\/vc_row][vc_row][vc_column][vc_empty_space height=&#8221;10&#8243;][\/vc_column][\/vc_row][vc_row][vc_column css=&#8221;.vc_custom_1468181607746{background-color: #387f3e !important;}&#8221;][vc_row_inner][vc_column_inner width=&#8221;1\/4&#8243;][vc_single_image image=&#8221;36226&#8243; img_size=&#8221;150&#215;209&#8243; alignment=&#8221;center&#8221;][\/vc_column_inner][vc_column_inner width=&#8221;3\/4&#8243;][vc_column_text]<span style=\"color: #ffffff;\"><b>Elabora\u00e7\u00e3o e legaliza\u00e7\u00e3o do projeto de criadouro e sua realidade no Brasil<\/b><\/span><\/p>\n<p><span style=\"color: #ffffff;\"><b>Subject:<\/b> Breeding project and its reality in Brazil.<\/span><br \/>\n<span style=\"color: #ffffff;\"><b>Publication place:<\/b> Magazine P\u00e1ssaros Ex\u00f3ticos &#8211; Brazil<\/span><br \/>\n<span style=\"color: #ffffff;\"><b>Language:<\/b> Portuguese<\/span><br \/>\n<span style=\"color: #ffffff;\"><b>Date:<\/b> 01\/12\/2014<\/span>[\/vc_column_text]<style type=\"text\/css\">#dt-btn-45:hover {color: #020202;background: #a3ffa9;}#dt-btn-45:hover > .text-wrap * {color: #020202;}<\/style><a href=\"http:\/\/www.marciaweinzettl.com.br\/wp-content\/uploads\/2016\/06\/Elaboracao-e-legalizacao-do-projeto-de-criadouro-e-sua-realidade-no-Brasil.pdf\" class=\"btn-shortcode dt-btn-m dt-btn default-btn-color custom-btn-hover-color default-btn-bg-color\" target=\"_blank\" id=\"dt-btn-45\" rel=\"noopener\"><i class=\"fa icon-download\"><\/i><span>View publications<\/span><\/a>[\/vc_column_inner][\/vc_row_inner][\/vc_column][\/vc_row][vc_row][vc_column][vc_empty_space height=&#8221;10&#8243;][\/vc_column][\/vc_row][vc_row][vc_column css=&#8221;.vc_custom_1468181615106{background-color: #387f3e !important;}&#8221;][vc_row_inner][vc_column_inner width=&#8221;1\/4&#8243;][vc_single_image image=&#8221;36227&#8243; img_size=&#8221;150&#215;209&#8243; alignment=&#8221;center&#8221;][\/vc_column_inner][vc_column_inner width=&#8221;3\/4&#8243;][vc_column_text]<span style=\"color: #ffffff;\"><b>Respons\u00e1vel t\u00e9cnico em criadouros legalizados pelo Ibama<\/b><\/span><\/p>\n<p><span style=\"color: #ffffff;\"><b>Subject:<\/b> Technical Responsible and responsibilities in aviaries.<\/span><br \/>\n<span style=\"color: #ffffff;\"><b>Publication place:<\/b> Magazine Passaros Ex\u00f3ticos &#8211; Brazil<\/span><br \/>\n<span style=\"color: #ffffff;\"><b>Language:<\/b> Portuguese<\/span><br \/>\n<span style=\"color: #ffffff;\"><b>Date:<\/b> 01\/02\/2014<\/span>[\/vc_column_text]<style type=\"text\/css\">#dt-btn-46:hover {color: #020202;background: #a3ffa9;}#dt-btn-46:hover > .text-wrap * {color: #020202;}<\/style><a href=\"http:\/\/www.marciaweinzettl.com.br\/wp-content\/uploads\/2016\/06\/Responsavel-tecnico-em-criadouros-legalizados-pelo-Ibama.pdf\" class=\"btn-shortcode dt-btn-m dt-btn default-btn-color custom-btn-hover-color default-btn-bg-color\" target=\"_blank\" id=\"dt-btn-46\" rel=\"noopener\"><i class=\"fa icon-download\"><\/i><span>View publications<\/span><\/a>[\/vc_column_inner][\/vc_row_inner][\/vc_column][\/vc_row][vc_row][vc_column][vc_empty_space height=&#8221;10&#8243;][\/vc_column][\/vc_row][vc_row][vc_column css=&#8221;.vc_custom_1468181622587{background-color: #387f3e !important;}&#8221;][vc_row_inner][vc_column_inner width=&#8221;1\/4&#8243;][vc_single_image image=&#8221;36229&#8243; img_size=&#8221;150&#215;209&#8243; alignment=&#8221;center&#8221;][\/vc_column_inner][vc_column_inner width=&#8221;3\/4&#8243;][vc_column_text]<span style=\"color: #ffffff;\"><b>A import\u00e2ncia da defini\u00e7\u00e3o dos objetivos antes de se iniciar um projeto de criadouro<\/b><\/span><\/p>\n<p><span style=\"color: #ffffff;\"><b>Subject:<\/b> Commercial Aviary &#8211; Objectives<\/span><br \/>\n<span style=\"color: #ffffff;\"><b>Publication place:<\/b> Magazine Passaros Ex\u00f3ticos &#8211; Brazil<\/span><br \/>\n<span style=\"color: #ffffff;\"><b>Language:<\/b> Portuguese<\/span><br \/>\n<span style=\"color: #ffffff;\"><b>Date:<\/b> 01\/11\/2013<\/span>[\/vc_column_text]<style type=\"text\/css\">#dt-btn-47:hover {color: #020202;background: #a3ffa9;}#dt-btn-47:hover > .text-wrap * {color: #020202;}<\/style><a href=\"http:\/\/www.marciaweinzettl.com.br\/wp-content\/uploads\/2016\/06\/A-importancia-da-definicao-dos-objetivos-antes-de-se-iniciar-um-projeto-de-criadouro.pdf\" class=\"btn-shortcode dt-btn-m dt-btn default-btn-color custom-btn-hover-color default-btn-bg-color\" target=\"_blank\" id=\"dt-btn-47\" rel=\"noopener\"><i class=\"fa icon-download\"><\/i><span>View publications<\/span><\/a>[\/vc_column_inner][\/vc_row_inner][\/vc_column][\/vc_row][vc_row][vc_column][vc_empty_space height=&#8221;10&#8243;][\/vc_column][\/vc_row][vc_row][vc_column css=&#8221;.vc_custom_1468181629986{background-color: #387f3e !important;}&#8221;][vc_row_inner][vc_column_inner width=&#8221;1\/4&#8243;][vc_single_image image=&#8221;36230&#8243; img_size=&#8221;150&#215;209&#8243; alignment=&#8221;center&#8221;][\/vc_column_inner][vc_column_inner width=&#8221;3\/4&#8243;][vc_column_text]<span style=\"color: #ffffff;\"><b>The Red-browed Amazon &#8211; Reproductive Methodology and development<\/b><\/span><\/p>\n<p><span style=\"color: #ffffff;\"><b>Subject:<\/b> Amazona rhodocorytha &#8211; Reproduction and development<\/span><br \/>\n<span style=\"color: #ffffff;\"><b>Publication place:<\/b> Magazine Bird Keeper &#8211; Australia<\/span><br \/>\n<span style=\"color: #ffffff;\"><b>Language:<\/b> English<\/span><br \/>\n<span style=\"color: #ffffff;\"><b>Date:<\/b> 01\/01\/2007<\/span>[\/vc_column_text]<style type=\"text\/css\">#dt-btn-48:hover {color: #161616;background: #a3ffa9;}#dt-btn-48:hover > .text-wrap * {color: #161616;}<\/style><a href=\"http:\/\/www.marciaweinzettl.com.br\/wp-content\/uploads\/2016\/06\/The-Red-browed-Amazon-Reproductive-Methodology-and-development.pdf\" class=\"btn-shortcode dt-btn-m dt-btn default-btn-color custom-btn-hover-color default-btn-bg-color\" target=\"_blank\" id=\"dt-btn-48\" rel=\"noopener\"><i class=\"fa icon-download\"><\/i><span>View publications<\/span><\/a>[\/vc_column_inner][\/vc_row_inner][\/vc_column][\/vc_row][vc_row][vc_column][vc_empty_space height=&#8221;10&#8243;][\/vc_column][\/vc_row][vc_row][vc_column css=&#8221;.vc_custom_1468181637715{background-color: #387f3e !important;}&#8221;][vc_row_inner][vc_column_inner width=&#8221;1\/4&#8243;][vc_single_image image=&#8221;36231&#8243; img_size=&#8221;150&#215;209&#8243; alignment=&#8221;center&#8221;][\/vc_column_inner][vc_column_inner width=&#8221;3\/4&#8243;][vc_column_text]<span style=\"color: #ffffff;\"><b>Os diversos caminhos do bi\u00f3logo no mercado de trabalho<\/b><\/span><\/p>\n<p><span style=\"color: #ffffff;\"><b>Subject:<\/b> Biologist labor market<\/span><br \/>\n<span style=\"color: #ffffff;\"><b>Publication place:<\/b> Magazine BioNot\u00edcias &#8211; Brazil<\/span><br \/>\n<span style=\"color: #ffffff;\"><b>Language:<\/b> Portuguese<\/span><br \/>\n<span style=\"color: #ffffff;\"><b>Date:<\/b> 01\/01\/2006<\/span>[\/vc_column_text]<style type=\"text\/css\">#dt-btn-49:hover {color: #020202;background: #a3ffa9;}#dt-btn-49:hover > .text-wrap * {color: #020202;}<\/style><a href=\"http:\/\/www.marciaweinzettl.com.br\/wp-content\/uploads\/2016\/06\/Os-diversos-caminhos-do-bi%C3%B3logo-no-mercado-de-trabalho.pdf\" class=\"btn-shortcode dt-btn-m dt-btn default-btn-color custom-btn-hover-color default-btn-bg-color\" target=\"_blank\" id=\"dt-btn-49\" rel=\"noopener\"><i class=\"fa icon-download\"><\/i><span>View publications<\/span><\/a>[\/vc_column_inner][\/vc_row_inner][\/vc_column][\/vc_row][vc_row][vc_column][vc_empty_space height=&#8221;10&#8243;][\/vc_column][\/vc_row][vc_row][vc_column css=&#8221;.vc_custom_1468181645662{background-color: #387f3e !important;}&#8221;][vc_row_inner][vc_column_inner width=&#8221;1\/4&#8243;][vc_single_image image=&#8221;36232&#8243; img_size=&#8221;150&#215;209&#8243; alignment=&#8221;center&#8221;][\/vc_column_inner][vc_column_inner width=&#8221;3\/4&#8243;][vc_column_text]<span style=\"color: #ffffff;\"><b>Experiencias con el Pionites leucogaster<\/b><\/span><\/p>\n<p><span style=\"color: #ffffff;\"><b>Subject:<\/b> Reproduction and development &#8211; Pionites leucogaster<\/span><br \/>\n<span style=\"color: #ffffff;\"><b>Publication place:<\/b> Magazine Aviornis &#8211; Spain<\/span><br \/>\n<span style=\"color: #ffffff;\"><b>Language:<\/b> Spanish<\/span><br \/>\n<span style=\"color: #ffffff;\"><b>Date:<\/b> 01\/10\/2002<\/span>[\/vc_column_text]<style type=\"text\/css\">#dt-btn-50:hover {color: #020202;background: #a3ffa9;}#dt-btn-50:hover > .text-wrap * {color: #020202;}<\/style><a href=\"http:\/\/www.marciaweinzettl.com.br\/wp-content\/uploads\/2016\/06\/Experiencias-con-el-Pionites-leucogaster.pdf\" class=\"btn-shortcode dt-btn-m dt-btn default-btn-color custom-btn-hover-color default-btn-bg-color\" target=\"_blank\" id=\"dt-btn-50\" rel=\"noopener\"><i class=\"fa icon-download\"><\/i><span>View publications<\/span><\/a>[\/vc_column_inner][\/vc_row_inner][\/vc_column][\/vc_row][vc_row][vc_column][vc_empty_space height=&#8221;10&#8243;][\/vc_column][\/vc_row][vc_row][vc_column css=&#8221;.vc_custom_1468181652934{background-color: #387f3e !important;}&#8221;][vc_row_inner][vc_column_inner width=&#8221;1\/4&#8243;][vc_single_image image=&#8221;36233&#8243; img_size=&#8221;150&#215;209&#8243; alignment=&#8221;center&#8221;][\/vc_column_inner][vc_column_inner width=&#8221;3\/4&#8243;][vc_column_text]<span style=\"color: #ffffff;\"><b>Reprodu\u00e7\u00e3o de Marianinha &#8211; Pionites leucogaster<\/b><\/span><\/p>\n<p><span style=\"color: #ffffff;\"><b>Subject:<\/b> Reproductive methodology &#8211; Pionites leucogaster<\/span><br \/>\n<span style=\"color: #ffffff;\"><b>Publication place:<\/b> Magazine Creatio &#8211; ABRASE &#8211; Brazil<\/span><br \/>\n<span style=\"color: #ffffff;\"><b>Language:<\/b> Portuguese<\/span><br \/>\n<span style=\"color: #ffffff;\"><b>Date:<\/b> 01\/09\/2002<\/span>[\/vc_column_text]<style type=\"text\/css\">#dt-btn-51:hover {color: #020202;background: #a3ffa9;}#dt-btn-51:hover > .text-wrap * {color: #020202;}<\/style><a href=\"http:\/\/www.marciaweinzettl.com.br\/wp-content\/uploads\/2016\/06\/Reproducao-de-Marianinha-Pionites-leucogaster.pdf\" class=\"btn-shortcode dt-btn-m dt-btn default-btn-color custom-btn-hover-color default-btn-bg-color\" target=\"_blank\" id=\"dt-btn-51\" rel=\"noopener\"><i class=\"fa icon-download\"><\/i><span>View publications<\/span><\/a>[\/vc_column_inner][\/vc_row_inner][\/vc_column][\/vc_row][vc_row][vc_column][vc_empty_space height=&#8221;10&#8243;][\/vc_column][\/vc_row][vc_row][vc_column css=&#8221;.vc_custom_1468181659987{background-color: #387f3e !important;}&#8221;][vc_row_inner][vc_column_inner width=&#8221;1\/4&#8243;][vc_single_image image=&#8221;36234&#8243; img_size=&#8221;150&#215;209&#8243; alignment=&#8221;center&#8221;][\/vc_column_inner][vc_column_inner width=&#8221;3\/4&#8243;][vc_column_text]<span style=\"color: #ffffff;\"><b>Reprodu\u00e7\u00e3o de Harpia (Harpia harpyja &#8211; Accipitridae, Falconiformes) no Criadouro Cient\u00edfico Tr\u00f3picus &#8211; Guaratiba, RJ<\/b><\/span><\/p>\n<p><span style=\"color: #ffffff;\"><b>Subject:<\/b> Harpy captive reproduction<\/span><br \/>\n<span style=\"color: #ffffff;\"><b>Publication place:<\/b> Magazine Atualidades Ornitol\u00f3gicas 107 &#8211; Brazil<\/span><br \/>\n<span style=\"color: #ffffff;\"><b>Language:<\/b> Portuguese<\/span><br \/>\n<span style=\"color: #ffffff;\"><b>Date:<\/b> 01\/05\/2002<\/span>[\/vc_column_text]<style type=\"text\/css\">#dt-btn-52:hover {color: #0f0f0f;background: #a3ffa9;}#dt-btn-52:hover > .text-wrap * {color: #0f0f0f;}<\/style><a href=\"http:\/\/www.marciaweinzettl.com.br\/wp-content\/uploads\/2016\/06\/Reproducao-de-Harpia-no-Criadouro-Cientifico-Tropicus-Guaratiba.pdf\" class=\"btn-shortcode dt-btn-m dt-btn default-btn-color custom-btn-hover-color default-btn-bg-color\" target=\"_blank\" id=\"dt-btn-52\" rel=\"noopener\"><i class=\"fa icon-download\"><\/i><span>View publications<\/span><\/a>[\/vc_column_inner][\/vc_row_inner][\/vc_column][\/vc_row][vc_row][vc_column][vc_empty_space height=&#8221;10&#8243;][\/vc_column][\/vc_row][vc_row][vc_column css=&#8221;.vc_custom_1468181668149{background-color: #387f3e !important;}&#8221;][vc_row_inner][vc_column_inner width=&#8221;1\/4&#8243;][vc_single_image image=&#8221;36235&#8243; img_size=&#8221;150&#215;209&#8243; alignment=&#8221;center&#8221;][\/vc_column_inner][vc_column_inner width=&#8221;3\/4&#8243;][vc_column_text]<span style=\"color: #ffffff;\"><b>Reprodu\u00e7\u00e3o de Arara Azul (Anodorhynchus hyacinthinus &#8211; Psittacidae, Psittaciformes) no Criat\u00f3rio Cient\u00edfico Rodeo Drive &#8211; Guaratiba, RJ.<\/b><\/span><\/p>\n<p><span style=\"color: #ffffff;\"><b>Subject:<\/b> Hyacinth captive reproduction<\/span><br \/>\n<span style=\"color: #ffffff;\"><b>Publication place:<\/b> Magazine Atualidades Ornitol\u00f3gicas 106 &#8211; Brazil<\/span><br \/>\n<span style=\"color: #ffffff;\"><b>Language:<\/b> Portuguese<\/span><br \/>\n<span style=\"color: #ffffff;\"><b>Date:<\/b> 01\/03\/2002<\/span>[\/vc_column_text]<style type=\"text\/css\">#dt-btn-53:hover {color: #020202;background: #a3ffa9;}#dt-btn-53:hover > .text-wrap * {color: #020202;}<\/style><a href=\"http:\/\/www.marciaweinzettl.com.br\/wp-content\/uploads\/2016\/06\/Reproducao-de-Arara-Azul-no-Criatorio-Cientifico-Rodeo-Drive.pdf\" class=\"btn-shortcode dt-btn-m dt-btn default-btn-color custom-btn-hover-color default-btn-bg-color\" target=\"_blank\" id=\"dt-btn-53\" rel=\"noopener\"><i class=\"fa icon-download\"><\/i><span>View publications<\/span><\/a>[\/vc_column_inner][\/vc_row_inner][\/vc_column][\/vc_row][vc_row][vc_column][vc_empty_space height=&#8221;10&#8243;][\/vc_column][\/vc_row][vc_row][vc_column css=&#8221;.vc_custom_1468181675492{background-color: #387f3e !important;}&#8221;][vc_row_inner][vc_column_inner width=&#8221;1\/4&#8243;][vc_single_image image=&#8221;36237&#8243; img_size=&#8221;150&#215;209&#8243; alignment=&#8221;center&#8221;][\/vc_column_inner][vc_column_inner width=&#8221;3\/4&#8243;][vc_column_text]<span style=\"color: #ffffff;\"><b>Silvestres: V\u00eam a\u00ed as compras legais<\/b><\/span><\/p>\n<p><span style=\"color: #ffffff;\"><b>Subject:<\/b> Wildlife: Starting legal sale<\/span><br \/>\n<span style=\"color: #ffffff;\"><b>Publication place:<\/b> Magazine C\u00e3es e Cia &#8211; Brazil<\/span><br \/>\n<span style=\"color: #ffffff;\"><b>Language:<\/b> Portuguese<\/span><br \/>\n<span style=\"color: #ffffff;\"><b>Date:<\/b> 01\/07\/2000<\/span>[\/vc_column_text]<style type=\"text\/css\">#dt-btn-54:hover {color: #070707;background: #a3ffa9;}#dt-btn-54:hover > .text-wrap * {color: #070707;}<\/style><a href=\"http:\/\/www.marciaweinzettl.com.br\/wp-content\/uploads\/2016\/06\/Silvestres-Vem-ai-as-compras-legais.pdf\" class=\"btn-shortcode dt-btn-m dt-btn default-btn-color custom-btn-hover-color default-btn-bg-color\" target=\"_blank\" id=\"dt-btn-54\" rel=\"noopener\"><i class=\"fa icon-download\"><\/i><span>View publications<\/span><\/a>[\/vc_column_inner][\/vc_row_inner][\/vc_column][\/vc_row][vc_row][vc_column][vc_empty_space height=&#8221;10&#8243;][\/vc_column][\/vc_row][vc_row][vc_column css=&#8221;.vc_custom_1468181682675{background-color: #387f3e !important;}&#8221;][vc_row_inner][vc_column_inner width=&#8221;1\/4&#8243;][vc_single_image image=&#8221;36238&#8243; img_size=&#8221;150&#215;209&#8243; alignment=&#8221;center&#8221;][\/vc_column_inner][vc_column_inner width=&#8221;3\/4&#8243;][vc_column_text]<span style=\"color: #ffffff;\"><b>Aves de criadouro como manda a lei<\/b><\/span><\/p>\n<p><span style=\"color: #ffffff;\"><b>Subject:<\/b> First trade laws in Brazil and legalized psittacidae breeding aviaries.<\/span><br \/>\n<span style=\"color: #ffffff;\"><b>Publication place:<\/b> O Globo newspaper &#8211; Brazil<\/span><br \/>\n<span style=\"color: #ffffff;\"><b>Language:<\/b> Portuguese<\/span><br \/>\n<span style=\"color: #ffffff;\"><b>Date:<\/b> 01\/11\/1998<\/span>[\/vc_column_text]<style type=\"text\/css\">#dt-btn-55:hover {color: #020202;background: #a3ffa9;}#dt-btn-55:hover > .text-wrap * {color: #020202;}<\/style><a href=\"http:\/\/www.marciaweinzettl.com.br\/wp-content\/uploads\/2016\/06\/Aves-de-criadouro-como-manda-a-lei.pdf\" class=\"btn-shortcode dt-btn-m dt-btn default-btn-color custom-btn-hover-color default-btn-bg-color\" target=\"_blank\" id=\"dt-btn-55\" rel=\"noopener\"><i class=\"fa icon-download\"><\/i><span>View publications<\/span><\/a>[\/vc_column_inner][\/vc_row_inner][\/vc_column][\/vc_row][vc_row][vc_column][vc_empty_space height=&#8221;10&#8243;][\/vc_column][\/vc_row][vc_row][vc_column css=&#8221;.vc_custom_1468181691059{background-color: #387f3e !important;}&#8221;][vc_row_inner][vc_column_inner width=&#8221;1\/4&#8243;][vc_single_image image=&#8221;36239&#8243; img_size=&#8221;150&#215;209&#8243; alignment=&#8221;center&#8221;][\/vc_column_inner][vc_column_inner width=&#8221;3\/4&#8243;][vc_column_text]<span style=\"color: #ffffff;\"><b>Ficha do bicho &#8211; Quati<\/b><\/span><\/p>\n<p><span style=\"color: #ffffff;\"><b>Subject:<\/b> Characteristic of the specie &#8211; Nasua nasua<\/span><br \/>\n<span style=\"color: #ffffff;\"><b>Publication place:<\/b> Magazine Globo Rural &#8211; Brazil<\/span><br \/>\n<span style=\"color: #ffffff;\"><b>Language:<\/b> Portuguese<\/span><br \/>\n<span style=\"color: #ffffff;\"><b>Date:<\/b> 01\/08\/1992<\/span>[\/vc_column_text]<style type=\"text\/css\">#dt-btn-56:hover {color: #020202;background: #a3ffa9;}#dt-btn-56:hover > .text-wrap * {color: #020202;}<\/style><a href=\"http:\/\/www.marciaweinzettl.com.br\/wp-content\/uploads\/2016\/06\/Ficha-do-bicho-Quati-Globo-Rural.pdf\" class=\"btn-shortcode dt-btn-m dt-btn default-btn-color custom-btn-hover-color default-btn-bg-color\" target=\"_blank\" id=\"dt-btn-56\" rel=\"noopener\"><i class=\"fa icon-download\"><\/i><span>View publications<\/span><\/a>[\/vc_column_inner][\/vc_row_inner][\/vc_column][\/vc_row]<\/p>","protected":false},"excerpt":{"rendered":"<p>[vc_row][vc_column css=&#8221;.vc_custom_1468181528150{background-color: #387f3e !important;}&#8221;][vc_row_inner][vc_column_inner width=&#8221;1\/4&#8243;][vc_single_image image=&#8221;36886&#8243; img_size=&#8221;150&#215;209&#8243; alignment=&#8221;center&#8221;][\/vc_column_inner][vc_column_inner width=&#8221;3\/4&#8243;][vc_column_text]Personen \u2013 Personelle Ver\u00e4nderungen Subject: Personal change in Loro Parque Fundaci\u00f3n Publication place: Magazine Gefiederte Welt, Germany Language: German Date: 01\/2017[\/vc_column_text][\/vc_column_inner][\/vc_row_inner][\/vc_column][\/vc_row][vc_row][vc_column][vc_empty_space height=&#8221;10&#8243;][\/vc_column][\/vc_row][vc_row][vc_column css=&#8221;.vc_custom_1468181528150{background-color: #387f3e !important;}&#8221;][vc_row_inner][vc_column_inner width=&#8221;1\/4&#8243;][vc_single_image image=&#8221;36877&#8243; img_size=&#8221;150&#215;209&#8243; alignment=&#8221;center&#8221;][\/vc_column_inner][vc_column_inner width=&#8221;3\/4&#8243;][vc_column_text]Bi\u00f3loga brasileira ser\u00e1 curadora de um dos maiores criadouros e parques do mundo Subject: Brazilian biologist as curator&hellip;<\/p>\n","protected":false},"author":1,"featured_media":36670,"parent":0,"menu_order":0,"comment_status":"closed","ping_status":"closed","template":"","meta":{"footnotes":""},"class_list":["post-35558","page","type-page","status-publish","has-post-thumbnail","hentry","description-off"],"_links":{"self":[{"href":"https:\/\/www.marciaweinzettl.com.br\/en\/wp-json\/wp\/v2\/pages\/35558","targetHints":{"allow":["GET"]}}],"collection":[{"href":"https:\/\/www.marciaweinzettl.com.br\/en\/wp-json\/wp\/v2\/pages"}],"about":[{"href":"https:\/\/www.marciaweinzettl.com.br\/en\/wp-json\/wp\/v2\/types\/page"}],"author":[{"embeddable":true,"href":"https:\/\/www.marciaweinzettl.com.br\/en\/wp-json\/wp\/v2\/users\/1"}],"replies":[{"embeddable":true,"href":"https:\/\/www.marciaweinzettl.com.br\/en\/wp-json\/wp\/v2\/comments?post=35558"}],"version-history":[{"count":1,"href":"https:\/\/www.marciaweinzettl.com.br\/en\/wp-json\/wp\/v2\/pages\/35558\/revisions"}],"predecessor-version":[{"id":36974,"href":"https:\/\/www.marciaweinzettl.com.br\/en\/wp-json\/wp\/v2\/pages\/35558\/revisions\/36974"}],"wp:featuredmedia":[{"embeddable":true,"href":"https:\/\/www.marciaweinzettl.com.br\/en\/wp-json\/wp\/v2\/media\/36670"}],"wp:attachment":[{"href":"https:\/\/www.marciaweinzettl.com.br\/en\/wp-json\/wp\/v2\/media?parent=35558"}],"curies":[{"name":"wp","href":"https:\/\/api.w.org\/{rel}","templated":true}]}}